{"id":30420,"date":"2024-03-05T09:24:42","date_gmt":"2024-03-05T09:24:42","guid":{"rendered":"https:\/\/alcalali.es\/?page_id=30420"},"modified":"2026-03-30T06:40:23","modified_gmt":"2026-03-30T06:40:23","slug":"medio-ambiente","status":"publish","type":"page","link":"https:\/\/alcalali.es\/es\/medio-ambiente\/","title":{"rendered":"Medio ambiente"},"content":{"rendered":"<p>[et_pb_section fb_built=\u00bb1&#8243; admin_label=\u00bbHeader\u00bb _builder_version=\u00bb4.24.2&#8243; _module_preset=\u00bbdefault\u00bb use_background_color_gradient=\u00bbon\u00bb background_color_gradient_stops=\u00bbrgba(242,240,235,0.74) 0%|rgba(242,240,235,0) 100%\u00bb background_color_gradient_overlays_image=\u00bbon\u00bb background_image=\u00bbhttps:\/\/alcalali.es\/wp-content\/uploads\/2024\/03\/medi-ambient.jpg\u00bb background_position=\u00bbtop_center\u00bb background_vertical_offset=\u00bb74%\u00bb custom_padding=\u00bb5vw||5vw||true|false\u00bb border_radii=\u00bboff|||3vw|3vw\u00bb locked=\u00bboff\u00bb collapsed=\u00bbon\u00bb global_colors_info=\u00bb{}\u00bb][et_pb_row _builder_version=\u00bb4.24.0&#8243; _module_preset=\u00bbdefault\u00bb max_width=\u00bb1800px\u00bb global_colors_info=\u00bb{}\u00bb][et_pb_column type=\u00bb4_4&#8243; _builder_version=\u00bb4.22.0&#8243; _module_preset=\u00bbdefault\u00bb global_colors_info=\u00bb{}\u00bb][et_pb_text _builder_version=\u00bb4.24.2&#8243; _module_preset=\u00bb_initial\u00bb header_font=\u00bbInter|700|||||||\u00bb header_text_color=\u00bb#383838&#8243; header_font_size=\u00bb90px\u00bb header_line_height=\u00bb1.1em\u00bb text_orientation=\u00bbcenter\u00bb max_width=\u00bb1440px\u00bb module_alignment=\u00bbcenter\u00bb custom_margin=\u00bb||10px||false|false\u00bb header_font_size_tablet=\u00bb40px\u00bb header_font_size_phone=\u00bb24px\u00bb header_font_size_last_edited=\u00bbon|desktop\u00bb global_colors_info=\u00bb{}\u00bb]<\/p>\n<h1>MEDIO AMBIENTE<\/h1>\n<p>[\/et_pb_text][\/et_pb_column][\/et_pb_row][\/et_pb_section][et_pb_section fb_built=\u00bb1&#8243; admin_label=\u00bbServices\u00bb _builder_version=\u00bb4.22.0&#8243; _module_preset=\u00bbdefault\u00bb custom_padding=\u00bb12px||32px|||\u00bb locked=\u00bboff\u00bb collapsed=\u00bbon\u00bb global_colors_info=\u00bb{}\u00bb][et_pb_row column_structure=\u00bb1_3,1_3,1_3&#8243; _builder_version=\u00bb4.22.0&#8243; _module_preset=\u00bbdefault\u00bb max_width=\u00bb1800px\u00bb global_colors_info=\u00bb{}\u00bb][et_pb_column type=\u00bb1_3&#8243; _builder_version=\u00bb4.22.0&#8243; _module_preset=\u00bbdefault\u00bb global_colors_info=\u00bb{}\u00bb][et_pb_text _builder_version=\u00bb4.27.5&#8243; _module_preset=\u00bb_initial\u00bb header_2_font=\u00bbInter|700|||||||\u00bb header_2_font_size=\u00bb48px\u00bb header_2_line_height=\u00bb1.2em\u00bb text_orientation=\u00bbright\u00bb custom_margin=\u00bb||10px||false|false\u00bb header_2_font_size_tablet=\u00bb32px\u00bb header_2_font_size_phone=\u00bb20px\u00bb header_2_font_size_last_edited=\u00bbon|desktop\u00bb global_colors_info=\u00bb{}\u00bb]<\/p>\n<h2>GESTI\u00d3N INTEGRAL DEL AGUA<\/h2>\n<p>[\/et_pb_text][\/et_pb_column][et_pb_column type=\u00bb1_3&#8243; _builder_version=\u00bb4.22.0&#8243; _module_preset=\u00bbdefault\u00bb global_colors_info=\u00bb{}\u00bb][et_pb_text _builder_version=\u00bb4.24.2&#8243; _module_preset=\u00bb_initial\u00bb text_font=\u00bb||||||||\u00bb text_line_height=\u00bb1.6em\u00bb global_colors_info=\u00bb{}\u00bb]<\/p>\n<p>La prestaci\u00f3n del servicio domiciliario de Aguas Potables en el municipio viene siendo efectuada en r\u00e9gimen de concesi\u00f3n por la empresa Global Omnium.<\/p>\n<p>En las oficinas de la empresa concesionaria podr\u00e1n ustedes suscribir p\u00f3lizas de suministro, modificar o rescindir el contrato de aguas, informarse del Reglamento de Aguas Potables del municipio, efectuar quejas y reclamaciones sobre el suministro, efectuar el pago de recibos, obtener informaci\u00f3n sobre las caracter\u00edsticas que deben cumplir las nuevas conducciones incluidas en obras de urbanizaci\u00f3n, etc.<\/p>\n<p>GLOBAL OMNIUM<\/p>\n<p>Edificio Multiusos Calle Cipreses, n\u00ba 1-A 03728 Alcalal\u00ed<\/p>\n<p>Tel.: 96.648.24.94<\/p>\n<p>Tel. de atenci\u00f3n al cliente: 96.386.06.00<\/p>\n<p>Tel. aver\u00edas: 96.386.06.38<\/p>\n<p>Horario de Atenci\u00f3n: martes de 8h a 13:30h<\/p>\n<div id=\"gt-res-wrap\">\n<div id=\"gt-res-content\" class=\"almost_half_cell\"><\/div>\n<\/div>\n<p>[\/et_pb_text][\/et_pb_column][et_pb_column type=\u00bb1_3&#8243; _builder_version=\u00bb4.22.0&#8243; _module_preset=\u00bbdefault\u00bb global_colors_info=\u00bb{}\u00bb][et_pb_image src=\u00bbhttps:\/\/alcalali.es\/wp-content\/uploads\/2024\/03\/aigua.jpg\u00bb title_text=\u00bbaigua\u00bb _builder_version=\u00bb4.24.2&#8243; _module_preset=\u00bbdefault\u00bb scroll_vertical_motion_enable=\u00bbon\u00bb scroll_vertical_motion=\u00bb0|70|70|100|0.3|0|0.4&#8243; motion_trigger_start=\u00bbtop\u00bb border_radii=\u00bbon|15px|15px|15px|15px\u00bb border_width_all=\u00bb5px\u00bb border_color_all=\u00bb#A3A3A3&#8243; global_colors_info=\u00bb{}\u00bb][\/et_pb_image][\/et_pb_column][\/et_pb_row][\/et_pb_section][et_pb_section fb_built=\u00bb1&#8243; admin_label=\u00bbFeature\u00bb _builder_version=\u00bb4.22.0&#8243; _module_preset=\u00bbdefault\u00bb custom_padding=\u00bb32px|||||\u00bb collapsed=\u00bbon\u00bb global_colors_info=\u00bb{}\u00bb][et_pb_row column_structure=\u00bb1_2,1_2&#8243; make_equal=\u00bbon\u00bb _builder_version=\u00bb4.24.0&#8243; _module_preset=\u00bbdefault\u00bb max_width=\u00bb1800px\u00bb global_colors_info=\u00bb{}\u00bb][et_pb_column type=\u00bb1_2&#8243; _builder_version=\u00bb4.22.0&#8243; _module_preset=\u00bbdefault\u00bb global_colors_info=\u00bb{}\u00bb][et_pb_image src=\u00bbhttps:\/\/alcalali.es\/wp-content\/uploads\/2024\/03\/gestio-residus-alcalali.jpg\u00bb title_text=\u00bbgestio-residus-alcalali\u00bb force_fullwidth=\u00bbon\u00bb _builder_version=\u00bb4.24.2&#8243; _module_preset=\u00bbdefault\u00bb scroll_horizontal_motion_enable=\u00bbon\u00bb scroll_horizontal_motion=\u00bb0|70|70|100|0.3|0|0&#8243; motion_trigger_start=\u00bbtop\u00bb border_radii=\u00bbon|30px|30px|30px|30px\u00bb border_width_all=\u00bb5px\u00bb border_color_all=\u00bb#E4DACC\u00bb locked=\u00bboff\u00bb global_colors_info=\u00bb{}\u00bb][\/et_pb_image][\/et_pb_column][et_pb_column type=\u00bb1_2&#8243; _builder_version=\u00bb4.24.0&#8243; _module_preset=\u00bbdefault\u00bb background_color=\u00bbgcid-a93f2103-1d8b-43bb-b21d-81d84bba8b15&#8243; custom_padding=\u00bb60px|60px|60px|60px|true|true\u00bb custom_padding_tablet=\u00bb30px|30px|30px|30px|true|true\u00bb custom_padding_phone=\u00bb20px|20px|20px|20px|true|true\u00bb custom_padding_last_edited=\u00bbon|tablet\u00bb border_radii=\u00bbon|3vw|3vw|3vw|3vw\u00bb global_colors_info=\u00bb{%22gcid-a93f2103-1d8b-43bb-b21d-81d84bba8b15%22:%91%22background_color%22%93}\u00bb][et_pb_text _builder_version=\u00bb4.27.5&#8243; _module_preset=\u00bb_initial\u00bb header_2_font=\u00bbInter|700|||||||\u00bb header_2_font_size=\u00bb52px\u00bb header_2_line_height=\u00bb1.2em\u00bb custom_margin=\u00bb||10px||false|false\u00bb header_2_font_size_tablet=\u00bb32px\u00bb header_2_font_size_phone=\u00bb20px\u00bb header_2_font_size_last_edited=\u00bbon|desktop\u00bb locked=\u00bboff\u00bb global_colors_info=\u00bb{}\u00bb]<\/p>\n<h2>GESTI\u00d3N DE RESIDUOS<\/h2>\n<p>[\/et_pb_text][et_pb_text _builder_version=\u00bb4.27.5&#8243; _module_preset=\u00bb_initial\u00bb text_font=\u00bb||||||||\u00bb text_line_height=\u00bb1.6em\u00bb max_width=\u00bb500px\u00bb locked=\u00bboff\u00bb global_colors_info=\u00bb{}\u00bb]<\/p>\n<p>La Mancomunidad de la Vall de Pop tiene asumida la competencia en materia de gesti\u00f3n de residuos.<\/p>\n<p>El <strong>servicio de recogida<\/strong> es realizado por la empresa Act\u00faa. El calendario de recogida de los residuos es el siguiente:<\/p>\n<p>&#8211; Residuos s\u00f3lidos urbanos: diariamente, a excepci\u00f3n del domingo.<\/p>\n<p>&#8211; Recogida selectiva: los envases, el papel y cart\u00f3n se recogen dos d\u00edas a la semana.<\/p>\n<p>&#8211; Recogida muebles &#8211; enseres: se realiza quincenalmente. En este enlace puedes descargarte el calendario anual<a href=\"https:\/\/alcalali.es\/wp-content\/uploads\/2025\/12\/CALENDARIO-RECOGIDA-DE-ENSERES-2026.pdf\" rel=\"attachment wp-att-34097\"> CALENDARIO RECOGIDA DE ENSERES 2026<\/a><\/p>\n<p>[\/et_pb_text][\/et_pb_column][\/et_pb_row][et_pb_row column_structure=\u00bb1_3,1_3,1_3&#8243; make_equal=\u00bbon\u00bb _builder_version=\u00bb4.24.2&#8243; _module_preset=\u00bbdefault\u00bb max_width=\u00bb1800px\u00bb locked=\u00bboff\u00bb global_colors_info=\u00bb{}\u00bb][et_pb_column type=\u00bb1_3&#8243; _builder_version=\u00bb4.24.2&#8243; _module_preset=\u00bbdefault\u00bb background_image=\u00bbhttps:\/\/alcalali.es\/wp-content\/uploads\/2024\/03\/sub-ribbon.jpg\u00bb background_size=\u00bbinitial\u00bb background_position=\u00bbbottom_center\u00bb background_vertical_offset=\u00bb-1%\u00bb background_repeat=\u00bbrepeat-x\u00bb custom_padding=\u00bb30px|30px|30px|30px|true|true\u00bb border_radii=\u00bbon|30px|30px|30px|30px\u00bb border_width_all=\u00bb2px\u00bb border_color_all=\u00bb#e4dacc\u00bb global_colors_info=\u00bb{}\u00bb][et_pb_text _builder_version=\u00bb4.24.2&#8243; _module_preset=\u00bb_initial\u00bb header_5_font=\u00bbInter|700|||||||\u00bb header_5_font_size=\u00bb20px\u00bb header_5_line_height=\u00bb1.4em\u00bb text_orientation=\u00bbcenter\u00bb custom_margin=\u00bb||24px||false|false\u00bb header_5_font_size_tablet=\u00bb16px\u00bb header_5_font_size_phone=\u00bb14px\u00bb header_5_font_size_last_edited=\u00bbon|desktop\u00bb global_colors_info=\u00bb{}\u00bb]<\/p>\n<h3><strong>ECOPARQUE MUNICIPAL<\/strong><\/h3>\n<p>[\/et_pb_text][et_pb_text _builder_version=\u00bb4.24.2&#8243; _module_preset=\u00bb_initial\u00bb text_font=\u00bb||||||||\u00bb text_line_height=\u00bb1.6em\u00bb link_text_color=\u00bb#383838&#8243; global_colors_info=\u00bb{}\u00bb link_text_color__hover=\u00bb#EF8700&#8243; link_text_color__hover_enabled=\u00bbon|hover\u00bb]<\/p>\n<div id=\"gt-res-wrap\">\n<div id=\"gt-res-content\" class=\"almost_half_cell\">\n<div dir=\"ltr\">\n<div>El Ayuntamiento pone a disposici\u00f3n de los vecinos el <strong>ecoparque<\/strong>. Se trata de una instalaci\u00f3n de car\u00e1cter municipal y que permite la recogida selectiva de los residuos para los que no existe un servicio domiciliario de recogida. Es un servicio de prestaci\u00f3n gratuita y <strong>exclusiva para los residentes y empadronados<\/strong> en el municipio. En el Ecoparque pueden dipositarse: <strong>vidrio, cart\u00f3n, pl\u00e1stico, metales; pilas; aceites; maderas; escombros y textiles.<\/strong><br \/>Cantidades permitidas a depositar:<\/div>\n<div><\/div>\n<div><\/div>\n<div>\n<ul>\n<li>Vegetals: 1 m3<\/li>\n<li>Runes: 1\/2 m3 (6 cabassos)<\/li>\n<\/ul>\n<div><strong>No est\u00e1 permitido depositar<\/strong>:<\/div>\n<div>\n<ul>\n<li>Elementos que contengan Amianto (Uralita)<\/li>\n<li>Aceites de automoci\u00f3n<\/li>\n<\/ul>\n<\/div>\n<ul><\/ul>\n<\/div>\n<div><span class=\"hps\">El ecoparque ofrece las siguientes ventajas:<\/span><\/div>\n<div><span class=\"hps\"><\/span><\/div>\n<div><span class=\"hps\"><\/span><\/div>\n<ul>\n<li><span class=\"hps\">Disminuye el impacto ambiental al disminuir el volumen y la peligrosidad de los residuos, que de otro modo se depositar\u00edan en un vertedero.<\/span><\/li>\n<li><span class=\"hps\">Evita el vertido incontrolado de residuos en el entorno del municipio.<\/span><\/li>\n<li><span class=\"hps\">Contribuye al desarrollo sostenible al evitar el despilfarro de recursos existentes en los residuos domiciliarios.<\/span><\/li>\n<li><span class=\"hps\">Permite la participaci\u00f3n activa de los ciudadanos en la gesti\u00f3n de los recursos municipales.<\/span><\/li>\n<\/ul>\n<div><span class=\"hps\"><\/span><\/div>\n<div><span class=\"hps\"><\/span><\/div>\n<\/div>\n<\/div>\n<\/div>\n<p><span><\/span><\/p>\n<p>[\/et_pb_text][\/et_pb_column][et_pb_column type=\u00bb1_3&#8243; _builder_version=\u00bb4.24.2&#8243; _module_preset=\u00bbdefault\u00bb background_image=\u00bbhttps:\/\/alcalali.es\/wp-content\/uploads\/2024\/03\/sub-ribbon.jpg\u00bb background_size=\u00bbinitial\u00bb background_position=\u00bbbottom_center\u00bb background_vertical_offset=\u00bb-1%\u00bb background_repeat=\u00bbrepeat-x\u00bb custom_padding=\u00bb30px|30px|30px|30px|true|true\u00bb border_radii=\u00bbon|30px|30px|30px|30px\u00bb border_width_all=\u00bb2px\u00bb border_color_all=\u00bb#e4dacc\u00bb global_colors_info=\u00bb{}\u00bb][et_pb_text _builder_version=\u00bb4.27.5&#8243; _module_preset=\u00bb_initial\u00bb text_font=\u00bb||||||||\u00bb text_line_height=\u00bb1.6em\u00bb link_text_color=\u00bb#383838&#8243; global_colors_info=\u00bb{}\u00bb link_text_color__hover=\u00bb#EF8700&#8243; link_text_color__hover_enabled=\u00bbon|hover\u00bb]<\/p>\n<div>\n<div>\n<p>A continuaci\u00f3n, detallamos los puntos disponibles:<\/p>\n<p>&nbsp;<\/p>\n<h3><strong>&#x1f3e1; ECOPARQUE ALCALAL\u00cd:<\/strong><\/h3>\n<p>&#x1f4cd; <strong>Ubicaci\u00f3n:<\/strong> Cam\u00ed Sant Joan<br \/>&#x1f552; <strong>Horario:<\/strong> lunes y mi\u00e9rcoles de 15:00 a 18:00 h<br \/>&#x1f4de;<strong> Tel\u00e9fono de contacto:<\/strong> 96 648 20 24<\/p>\n<p>Instalaci\u00f3n fija para la entrega de residuos dom\u00e9sticos especiales.<\/p>\n<h3><strong>&#x1f69b; ECOM\u00d3VIL ALCALAL\u00cd:<\/strong><\/h3>\n<p>&#x1f4cd;<strong> Ubicaci\u00f3n:<\/strong> P\u00e1rquing frente a la gasolinera<br \/>&#x1f552; <strong>Horario:<\/strong> todos los viernes de 10:00 a 14:00 h<br \/>&#x1f4de; <strong>Tel\u00e9fono de contacto:<\/strong> 965 75 91 91<\/p>\n<p>Servicio m\u00f3vil que facilita el dep\u00f3sito de peque\u00f1os residuos especiales sin necesidad de desplazarse a otros municipios. En este enlace <a href=\"https:\/\/consorciomare.es\/ecomovil\/\" target=\"_blank\" rel=\"noopener nofollow\">https:\/\/consorciomare.es\/ecomovil\/<\/a> pueden consultar los d\u00edas y horarios de los Ecoparques m\u00f3viles en municipios cercanos.<\/p>\n<h3><strong>&#x1f3e1; ECOPARQUE PEDREGUER: <\/strong><\/h3>\n<p>&#x1f4cd; <strong>Ubicaci\u00f3n:<\/strong> Calle Vinaters, n\u00ba 4, Pedreguer<br \/>&#x1f552; <strong>Horario:<\/strong><\/p>\n<ul>\n<li>De lunes a viernes de 10:00 a 14:00 h<\/li>\n<li>S\u00e1bados de 10:00 a 13:30 h<\/li>\n<\/ul>\n<p>&#x1f4de; <strong>Tel\u00e9fono de contacto:<\/strong> 965 760 669<\/p>\n<p>Instalaci\u00f3n comarcal de apoyo para facilitar una correcta gesti\u00f3n de residuos.<\/p>\n<p><strong>&#x267b;<\/strong><strong>&#xfe0f; Entre todos cuidamos Alcalal\u00ed.<\/strong><\/p>\n<p>Hacer un uso responsable de estos servicios contribuye a mantener limpio nuestro municipio, proteger nuestro entorno natural y avanzar hacia un modelo m\u00e1s sostenible.<\/p>\n<\/div>\n<div><\/div>\n<\/div>\n<p>&nbsp;<\/p>\n<p><span><\/span><\/p>\n<p>[\/et_pb_text][\/et_pb_column][et_pb_column type=\u00bb1_3&#8243; _builder_version=\u00bb4.24.2&#8243; _module_preset=\u00bbdefault\u00bb background_image=\u00bbhttps:\/\/alcalali.es\/wp-content\/uploads\/2024\/03\/sub-ribbon.jpg\u00bb background_size=\u00bbinitial\u00bb background_position=\u00bbbottom_center\u00bb background_vertical_offset=\u00bb-1%\u00bb background_repeat=\u00bbrepeat-x\u00bb custom_padding=\u00bb30px|30px|30px|30px|true|true\u00bb border_radii=\u00bbon|30px|30px|30px|30px\u00bb border_width_all=\u00bb2px\u00bb border_color_all=\u00bb#e4dacc\u00bb global_colors_info=\u00bb{}\u00bb][et_pb_text _builder_version=\u00bb4.24.2&#8243; _module_preset=\u00bb_initial\u00bb header_5_font=\u00bbInter|700|||||||\u00bb header_5_font_size=\u00bb20px\u00bb header_5_line_height=\u00bb1.4em\u00bb text_orientation=\u00bbcenter\u00bb custom_margin=\u00bb||24px||false|false\u00bb header_5_font_size_tablet=\u00bb16px\u00bb header_5_font_size_phone=\u00bb14px\u00bb header_5_font_size_last_edited=\u00bbon|desktop\u00bb global_colors_info=\u00bb{}\u00bb]<\/p>\n<h3><strong>PACTO DE ALCALDES<\/strong><\/h3>\n<p>[\/et_pb_text][et_pb_text _builder_version=\u00bb4.24.2&#8243; _module_preset=\u00bb_initial\u00bb text_font=\u00bb||||||||\u00bb text_line_height=\u00bb1.6em\u00bb link_text_color=\u00bb#383838&#8243; global_colors_info=\u00bb{}\u00bb link_text_color__hover=\u00bb#EF8700&#8243; link_text_color__hover_enabled=\u00bbon|hover\u00bb]<\/p>\n<p>El pacto de alcaldes es una ambiciosa iniciativa de la Comisi\u00f3n Europea que re\u00fane a los alcaldes de las ciudades m\u00e1s vanguardistas de Europa en una red permanente de intercambio de buenas pr\u00e1cticas y de aplicaci\u00f3n a trav\u00e9s de estas ciudades y m\u00e1s all\u00e1 para mejorar la eficiencia energ\u00e9tica en el entorno urbano.<\/p>\n<p>El pacto de Alcaldes es la respuesta de las ciudades m\u00e1s activas para el calentamiento de la Tierra: un compromiso formal de las mismas para reducci\u00f3n de CO2, incluso m\u00e1s all\u00e1 de los objetivos de la Uni\u00f3n Europea del 20%.<\/p>\n<p>La adhesi\u00f3n al pacto de Alcaldes por parte del Ayuntamiento de Alcalal\u00ed conlleva ciertas obligaciones y actuaciones exigidas. Entre otras obligaciones y compromisos se resalta la realizaci\u00f3n de un Plan de Acci\u00f3n para la Energ\u00eda sostenible (PAES) y la elaboraci\u00f3n de un inventario de referencia de las emisiones de PAES.<\/p>\n<p>El inventario de Emisiones de Referencia (IER) cuantifica la cantidad de CO2 emitido por el consumo de energ\u00eda en el territorio de la autoridad local en el a\u00f1o de referencia que se considera el 2007, y es el punto de partida para la realizaci\u00f3n del<span style=\"font-size: 16px;\">\u00a0<\/span><a href=\"\/wp-content\/uploads\/archivos\/archivo317.pdf\" target=\"_blank\" rel=\"noopener\" style=\"font-size: 16px;\">Plan de Acci\u00f3n de Energ\u00eda Sostenible<\/a><\/p>\n<p><span>En 2016 Diputaci\u00f3n de Alicante concedi\u00f3 una subvenci\u00f3n al ayuntamiento de Alcalal\u00ed para la redacci\u00f3n de un Inventario de Emisiones de Seguimiento, permitiendo dar cumplimiento con el procedimiento del Pacto de Alcaldes.<\/span><\/p>\n<p>[\/et_pb_text][\/et_pb_column][\/et_pb_row][et_pb_row column_structure=\u00bb1_2,1_2&#8243; make_equal=\u00bbon\u00bb _builder_version=\u00bb4.27.5&#8243; _module_preset=\u00bbdefault\u00bb max_width=\u00bb1800px\u00bb global_colors_info=\u00bb{}\u00bb][et_pb_column type=\u00bb1_2&#8243; _builder_version=\u00bb4.22.0&#8243; _module_preset=\u00bbdefault\u00bb global_colors_info=\u00bb{}\u00bb][et_pb_image src=\u00bbhttps:\/\/alcalali.es\/wp-content\/uploads\/2025\/05\/Logo-PRTR-dos-lineas_COLOR.jpg\u00bb title_text=\u00bbLogo PRTR dos l\u00edneas_COLOR\u00bb force_fullwidth=\u00bbon\u00bb _builder_version=\u00bb4.27.5&#8243; _module_preset=\u00bbdefault\u00bb scroll_horizontal_motion_enable=\u00bbon\u00bb scroll_horizontal_motion=\u00bb0|70|70|100|0.3|0|0&#8243; motion_trigger_start=\u00bbtop\u00bb border_radii=\u00bbon|30px|30px|30px|30px\u00bb border_width_all=\u00bb5px\u00bb border_color_all=\u00bb#E4DACC\u00bb locked=\u00bboff\u00bb global_colors_info=\u00bb{}\u00bb][\/et_pb_image][et_pb_audio title=\u00bbConsulta p\u00fablica generaci\u00f3n energ\u00eda placas fotovoltaicas: \u00bb artist_name=\u00bbUsuario: plaquesalcalali    Contrase\u00f1a acceso: alcalaliplaques1&#8243; album_name=\u00bbPROGRAMA DUS 5000&#8243; image_url=\u00bbhttps:\/\/alcalali.es\/wp-content\/uploads\/2026\/02\/Consulta-publica-Placas-fotovoltaivas.png\u00bb _builder_version=\u00bb4.27.5&#8243; _module_preset=\u00bbdefault\u00bb link_option_url=\u00bbhttps:\/\/eu5.fusionsolar.huawei.com\/unisso\/login.action\u00bb link_option_url_new_window=\u00bbon\u00bb global_colors_info=\u00bb{}\u00bb][\/et_pb_audio][\/et_pb_column][et_pb_column type=\u00bb1_2&#8243; _builder_version=\u00bb4.24.0&#8243; _module_preset=\u00bbdefault\u00bb background_color=\u00bbgcid-a93f2103-1d8b-43bb-b21d-81d84bba8b15&#8243; custom_padding=\u00bb60px|60px|60px|60px|true|true\u00bb custom_padding_tablet=\u00bb30px|30px|30px|30px|true|true\u00bb custom_padding_phone=\u00bb20px|20px|20px|20px|true|true\u00bb custom_padding_last_edited=\u00bbon|tablet\u00bb border_radii=\u00bbon|3vw|3vw|3vw|3vw\u00bb global_colors_info=\u00bb{%22gcid-a93f2103-1d8b-43bb-b21d-81d84bba8b15%22:%91%22background_color%22%93}\u00bb][et_pb_text _builder_version=\u00bb4.27.4&#8243; _module_preset=\u00bb_initial\u00bb header_2_font=\u00bbInter|700|||||||\u00bb header_2_font_size=\u00bb52px\u00bb header_2_line_height=\u00bb1.2em\u00bb custom_margin=\u00bb||10px||false|false\u00bb header_2_font_size_tablet=\u00bb32px\u00bb header_2_font_size_phone=\u00bb20px\u00bb header_2_font_size_last_edited=\u00bbon|desktop\u00bb locked=\u00bboff\u00bb global_colors_info=\u00bb{}\u00bb]<\/p>\n<h2><strong>INSTALACIONES DE AUTOCONSUMO FOTOVOLT\u00c1ICO EN LOS EDIFICIOS MUNICIPALES\u00a0<\/strong><\/h2>\n<p>[\/et_pb_text][et_pb_text _builder_version=\u00bb4.27.6&#8243; _module_preset=\u00bb_initial\u00bb text_font=\u00bb||||||||\u00bb text_line_height=\u00bb1.6em\u00bb max_width=\u00bb500px\u00bb hover_enabled=\u00bb0&#8243; locked=\u00bboff\u00bb global_colors_info=\u00bb{}\u00bb sticky_enabled=\u00bb0&#8243;]<div id=\"attachment_34889\" style=\"width: 910px\" class=\"wp-caption alignnone\"><img loading=\"lazy\" decoding=\"async\" aria-describedby=\"caption-attachment-34889\" src=\"https:\/\/alcalali.es\/wp-content\/uploads\/2026\/01\/logo-Dus.jpg\" width=\"900\" height=\"300\" alt=\"Alcalal\u00ed - Dus 5000\" class=\"wp-image-34889 size-full\" srcset=\"https:\/\/alcalali.es\/wp-content\/uploads\/2026\/01\/logo-Dus.jpg 900w, https:\/\/alcalali.es\/wp-content\/uploads\/2026\/01\/logo-Dus-480x160.jpg 480w\" sizes=\"(min-width: 0px) and (max-width: 480px) 480px, (min-width: 481px) 900px, 100vw\" \/><p id=\"caption-attachment-34889\" class=\"wp-caption-text\">Alcalal\u00ed &#8211; Dus 5000<\/p><\/div><\/p>\n<p>&nbsp;<\/p>\n<p>En el marco de la convocatoria de ayudas para inversiones a proyectos singulares de energ\u00eda limpia en municipios de reto demogr\u00e1fico (<a href=\"https:\/\/www.idae.es\/ayudas-y-financiacion\/programa-dus-5000-ayudas-para-inversiones-proyectos-singulares-locales-de\" rel=\"nofollow noopener\" target=\"_blank\">PROGRAMA DUS 5000<\/a> &#8211; Medida 02: Instalaciones de generaci\u00f3n el\u00e9ctrica renovable para autoconsumo), incluida en el Programa de Regeneraci\u00f3n\u00a0 y Reto Demogr\u00e1fico del<a href=\"https:\/\/planderecuperacion.gob.es\/\" rel=\"nofollow noopener\" target=\"_blank\"> Plan de Recuperaci\u00f3n , Transformaci\u00f3n y Resilienci<\/a>a, el Ayuntamiento de Alcalal\u00ed ha sido beneficiario de una subvenci\u00f3n:<\/p>\n<table border=\"1\" style=\"border-collapse: collapse; width: 100%; height: 46px;\">\n<tbody>\n<tr style=\"height: 23px;\">\n<td style=\"width: 25%; height: 23px;\">INVERSI\u00d3N TOTAL ADMITIDA<\/td>\n<td style=\"width: 25%; height: 23px;\">COSTE ELEGIBLE ADMITIDO<\/td>\n<td style=\"width: 25%; height: 23px;\">COSTE SUBVENCIONABLE<\/td>\n<td style=\"width: 25%; height: 23px;\">COSTE TOTAL REALIZADAS LAS INSTALACIONES<\/td>\n<\/tr>\n<tr style=\"height: 23px;\">\n<td style=\"width: 25%; height: 23px;\">93.254,69 euros<\/td>\n<td style=\"width: 25%; height: 23px;\">93.254,69 euros<\/td>\n<td style=\"width: 25%; height: 23px;\">91.853,90 euros<\/td>\n<td style=\"width: 25%; height: 23px;\">55.355,08 euros<\/td>\n<\/tr>\n<\/tbody>\n<\/table>\n<p>El proyecto ha consistido en 5 instalaciones de sistemas de aprovechamiento de la energ\u00eda solar fotovolt\u00e1ica de autoconsumo con excedentes y compensaci\u00f3n simplificada con conexi\u00f3n a la red sin sistema de acumulaci\u00f3n para suministrar energ\u00eda el\u00e9ctrica 100% renovable a los siguientes edificios p\u00fablicos de Alcalal\u00ed:<\/p>\n<ol>\n<li><strong>Ayuntamiento:<\/strong> con modalidad de autoconsumo colectivo con compensaci\u00f3n simplificada de excedentes, abasteciendo a los siguientes edificios: ayuntamiento, ayuntamiento antiguo, torre medieval y centro de salud. La potencia el\u00e9ctrica de la instalaci\u00f3n es de 17,29 kW y su producci\u00f3n anual estimada de 25.572 kWh.<\/li>\n<li><strong>Colegio:<\/strong> con modalidad de autoconsumo colectivo con compensaci\u00f3n simplificada de excedentes, abasteciendo a los siguientes edificios: colegio, comedor escolar y biblioteca. La potencia el\u00e9ctrica de la instalaci\u00f3n es de 6,825 kW y su producci\u00f3n anual estimada de 9.285 kWh.<\/li>\n<li><strong>Piscina\/Polideportivo:<\/strong> con modalidad de autoconsumo colectivo con compensaci\u00f3n simplificada de excedentes, abasteciendo a los siguientes edificios: piscina y gimnasio. La potencia el\u00e9ctrica de la instalaci\u00f3n es de 25,025 kW y su producci\u00f3n anual estimada de 35.371 kWh.<\/li>\n<li><strong>Museo etnol\u00f3gico:<\/strong> con modalidad de autoconsumo individual con compensaci\u00f3n simplificada de excedentes. La potencia el\u00e9ctrica de la instalaci\u00f3n es de 8,645 kW y su producci\u00f3n anual estimada de 11.063 kWh.<\/li>\n<li><strong>Edificio multiusos:\u00a0<\/strong> con modalidad de autoconsumo individual con compensaci\u00f3n simplificada de excedentes. La potencia el\u00e9ctrica de la instalaci\u00f3n es de 12,285 kW y su producci\u00f3n anual estimada de 17.986 kWh.<\/li>\n<\/ol>\n<h4><strong>Consulta p\u00fablica generaci\u00f3n de energ\u00eda placas fotovolt\u00e1icas:<\/strong><\/h4>\n<p>1.- Enlace web: <a href=\"https:\/\/eu5.fusionsolar.huawei.com\/unisso\/login.action\" rel=\"nofollow noopener\" target=\"_blank\">https:\/\/eu5.fusionsolar.huawei.com\/unisso\/login.action<\/a><\/p>\n<p>2.- Usuario: plaquesalcalali<\/p>\n<p>3.- Contrase\u00f1a de acceso: alcalaliplaques1<\/p>\n<p><strong>Inventario de Cubiertas y Espacios para el autoconsumo en el municipio de Alcalal\u00ed<\/strong><\/p>\n<p>En este enlace pod\u00e9is consultar el <a href=\"https:\/\/alcalali.es\/wp-content\/uploads\/2026\/03\/Inventario-de-cubiertas-y-espacios-para-el-autoconsumo-Alcalali.pdf\" target=\"_blank\" rel=\"noopener\">Inventario de Cubiertas y Espacios para el autoconsumo en el municipio de Alcalal\u00ed.<\/a><\/p>\n<p>[\/et_pb_text][\/et_pb_column][\/et_pb_row][\/et_pb_section]<\/p>\n","protected":false},"excerpt":{"rendered":"<p>MEDIO AMBIENTEGESTI\u00d3N INTEGRAL DEL AGUALa prestaci\u00f3n del servicio domiciliario de Aguas Potables en el municipio viene siendo efectuada en r\u00e9gimen de concesi\u00f3n por la empresa Global Omnium. En las oficinas de la empresa concesionaria podr\u00e1n ustedes suscribir p\u00f3lizas de suministro, modificar o rescindir el contrato de aguas, informarse del Reglamento de Aguas Potables del municipio, [&hellip;]<\/p>\n","protected":false},"author":2,"featured_media":0,"parent":0,"menu_order":0,"comment_status":"closed","ping_status":"closed","template":"","meta":{"_et_pb_use_builder":"on","_et_pb_old_content":"","_et_gb_content_width":"","_joinchat":[],"footnotes":""},"class_list":["post-30420","page","type-page","status-publish","hentry"],"_links":{"self":[{"href":"https:\/\/alcalali.es\/es\/wp-json\/wp\/v2\/pages\/30420","targetHints":{"allow":["GET"]}}],"collection":[{"href":"https:\/\/alcalali.es\/es\/wp-json\/wp\/v2\/pages"}],"about":[{"href":"https:\/\/alcalali.es\/es\/wp-json\/wp\/v2\/types\/page"}],"author":[{"embeddable":true,"href":"https:\/\/alcalali.es\/es\/wp-json\/wp\/v2\/users\/2"}],"replies":[{"embeddable":true,"href":"https:\/\/alcalali.es\/es\/wp-json\/wp\/v2\/comments?post=30420"}],"version-history":[{"count":20,"href":"https:\/\/alcalali.es\/es\/wp-json\/wp\/v2\/pages\/30420\/revisions"}],"predecessor-version":[{"id":35016,"href":"https:\/\/alcalali.es\/es\/wp-json\/wp\/v2\/pages\/30420\/revisions\/35016"}],"wp:attachment":[{"href":"https:\/\/alcalali.es\/es\/wp-json\/wp\/v2\/media?parent=30420"}],"curies":[{"name":"wp","href":"https:\/\/api.w.org\/{rel}","templated":true}]}}